{"id":14,"date":"2020-08-05T14:10:04","date_gmt":"2020-08-05T14:10:04","guid":{"rendered":"https:\/\/sites.ifkw.lmu.de\/RezFo21\/?page_id=14"},"modified":"2021-01-28T10:47:09","modified_gmt":"2021-01-28T10:47:09","slug":"start","status":"publish","type":"page","link":"https:\/\/sites.ifkw.lmu.de\/RezFo21\/","title":{"rendered":"Start"},"content":{"rendered":"<p><img decoding=\"async\" src=\"\/RezFo21\/wp-content\/uploads\/sites\/5\/2020\/08\/Logo_Large.png\" alt=\"\"><\/p>\n<h1>Jahrestagung der Fachgruppe Rezeptions- und Wirkungsforschung<\/h1>\n<h1>Jahrestagung der Fachgruppe Rezeptions- und Wirkungsforschung<\/h1>\n<div>27.-29. Januar 2021, M\u00fcnchen (virtuell)<\/div>\n<h3>Herzlich Willkommen!<\/h3>\n<div>\n<p>Die Jahrestagung der Fachgruppe Rezeptions- und Wirkungsforschung der <a href=\"http:\/\/dgpuk.de\/\" target=\"_blank\" rel=\"noopener\">DGPuK<\/a> findet 2021 unter dem Motto <strong>#RezFoForFuture<\/strong> zum ersten Mal vollst\u00e4ndig virtuell statt. Die Jahrestagung steht unter dem Thema Nachhaltigkeit und soll zur Reflektion anregen, wie Rezeptions- und Wirkungsforschung zu einer nachhaltigeren Gesellschaft beitragen kann.<\/p>\n<\/div>\n<div>\n<p>Hier haben wir Ihnen Informationen zu <a href=\"https:\/\/sites.ifkw.lmu.de\/RezFo21\/programm\/\">Programm<\/a> und <a href=\"https:\/\/sites.ifkw.lmu.de\/RezFo21\/tagungsinformationen\/\">Ablauf<\/a> der Tagung zusammengestellt. Sie finden zudem den <a href=\"https:\/\/sites.ifkw.lmu.de\/RezFo21\/call-for-papers\/\">Call for Papers<\/a> sowie Informationen zu dem in diesem Jahr erstmals ausgeschriebenen <a href=\"https:\/\/sites.ifkw.lmu.de\/RezFo21\/mindline-media-award\/\">mindline media-Award<\/a>.<\/p>\n<p>Wir freuen uns darauf, Sie bald virtuell in M\u00fcnchen begr\u00fc\u00dfen zu d\u00fcrfen!<\/p>\n<\/div>\n<div>\n<p>Diana Rieger, Christina Peter und Anna Sophie K\u00fcmpel<br \/>Tagungsorganisation<\/p>\n<\/div>\n<p><!-- {\"name\":\"Home\",\"type\":\"layout\",\"children\":[{\"name\":\"Hero\",\"type\":\"section\",\"props\":{\"width\":\"default\",\"style\":\"default\",\"animation\":\"slide-top-small\",\"image\":\"wp-content\\\/uploads\\\/sites\\\/5\\\/2020\\\/08\\\/bg.png\",\"image_position\":\"center-center\",\"height\":\"section\",\"image_fixed\":true,\"header_transparent\":\"dark\",\"padding_remove_top\":true,\"image_visibility\":\"s\",\"vertical_align\":\"middle\",\"title_position\":\"top-left\",\"title_rotation\":\"left\",\"title_breakpoint\":\"xl\",\"image_effect\":\"parallax\",\"image_parallax_bgy_end\":\"500\",\"image_parallax_easing\":\"1\",\"image_parallax_breakpoint\":\"m\",\"media_overlay\":\"transparent\",\"image_size\":\"contain\"},\"children\":[{\"name\":\"\",\"type\":\"row\",\"children\":[{\"name\":\"\",\"type\":\"column\",\"props\":{\"image_position\":\"center-center\",\"media_overlay_gradient\":\"\",\"width_medium\":\"1-1\"},\"children\":[{\"name\":\"\",\"type\":\"image\",\"props\":{\"margin\":\"default\",\"image\":\"wp-content\\\/uploads\\\/sites\\\/5\\\/2020\\\/08\\\/Logo_Large.png\",\"text_align\":\"center\",\"image_svg_color\":\"emphasis\",\"visibility\":\"s\"}},{\"name\":\"\",\"type\":\"headline\",\"props\":{\"title_element\":\"h1\",\"content\":\"Jahrestagung der Fachgruppe Rezeptions- und Wirkungsforschung\",\"title_style\":\"heading-small\",\"text_align\":\"center\",\"margin\":\"remove-vertical\",\"class\":\"uk-align-center\",\"title_font_family\":\"default\",\"visibility\":\"s\"}},{\"name\":\"\",\"type\":\"headline\",\"props\":{\"title_element\":\"h1\",\"content\":\"Jahrestagung der Fachgruppe Rezeptions- und Wirkungsforschung\",\"title_style\":\"h3\",\"text_align\":\"center\",\"margin\":\"remove-vertical\",\"class\":\"uk-align-center\",\"title_font_family\":\"default\",\"visibility\":\"hidden-s\"}},{\"name\":\"\",\"type\":\"headline\",\"props\":{\"title_element\":\"div\",\"content\":\"27.-29. Januar 2021, M\\u00fcnchen (virtuell)\",\"text_align\":\"center\",\"title_style\":\"h4\",\"class\":\"\"}}]}]}]},{\"type\":\"section\",\"props\":{\"style\":\"muted\",\"width\":\"default\",\"vertical_align\":\"middle\",\"title_position\":\"top-left\",\"title_rotation\":\"left\",\"title_breakpoint\":\"xl\",\"image_position\":\"center-center\"},\"children\":[{\"type\":\"row\",\"props\":{\"margin_remove_bottom\":true},\"children\":[{\"type\":\"column\",\"props\":{\"image_position\":\"center-center\",\"media_overlay_gradient\":\"\",\"width_medium\":\"\"},\"children\":[{\"type\":\"headline\",\"props\":{\"title_element\":\"h3\",\"content\":\"Herzlich Willkommen!\"}}]}]},{\"type\":\"row\",\"props\":{\"layout\":\"1-2,1-2\",\"margin_remove_top\":false,\"margin_remove_bottom\":true,\"margin\":\"small\"},\"children\":[{\"type\":\"column\",\"props\":{\"image_position\":\"center-center\",\"media_overlay_gradient\":\"\",\"width_medium\":\"1-2\"},\"children\":[{\"type\":\"text\",\"props\":{\"margin\":\"default\",\"column_breakpoint\":\"m\",\"content\":\"\n\n<p>Die Jahrestagung der Fachgruppe Rezeptions- und Wirkungsforschung der <a href=\\\"http:\\\/\\\/dgpuk.de\\\/\\\" target=\\\"_blank\\\" rel=\\\"noopener\\\">DGPuK<\\\/a> findet 2021 unter dem Motto <strong>#RezFoForFuture<\\\/strong> zum ersten Mal vollst\\u00e4ndig virtuell statt. Die Jahrestagung steht unter dem Thema Nachhaltigkeit und soll zur Reflektion anregen, wie Rezeptions- und Wirkungsforschung zu einer nachhaltigeren Gesellschaft beitragen kann.<\\\/p>\"}}]},{\"type\":\"column\",\"props\":{\"image_position\":\"center-center\",\"media_overlay_gradient\":\"\",\"width_medium\":\"1-2\"},\"children\":[{\"type\":\"text\",\"props\":{\"margin\":\"default\",\"column_breakpoint\":\"m\",\"content\":\"\n\n<p>Hier haben wir Ihnen Informationen zu <a href=\\\"https:\\\/\\\/sites.ifkw.lmu.de\\\/RezFo21\\\/programm\\\/\\\">Programm<\\\/a> und <a href=\\\"https:\\\/\\\/sites.ifkw.lmu.de\\\/RezFo21\\\/tagungsinformationen\\\/\\\">Ablauf<\\\/a> der Tagung zusammengestellt. Sie finden zudem den <a href=\\\"https:\\\/\\\/sites.ifkw.lmu.de\\\/RezFo21\\\/call-for-papers\\\/\\\">Call for Papers<\\\/a> sowie Informationen zu dem in diesem Jahr erstmals ausgeschriebenen <a href=\\\"https:\\\/\\\/sites.ifkw.lmu.de\\\/RezFo21\\\/mindline-media-award\\\/\\\">mindline media-Award<\\\/a>.<\\\/p>\\n\n\n<p>Wir freuen uns darauf, Sie bald virtuell in M\\u00fcnchen begr\\u00fc\\u00dfen zu d\\u00fcrfen!<\\\/p>\"}}]}]},{\"type\":\"row\",\"props\":{\"margin_remove_top\":true},\"children\":[{\"type\":\"column\",\"props\":{\"image_position\":\"center-center\",\"media_overlay_gradient\":\"\"},\"children\":[{\"type\":\"text\",\"props\":{\"margin\":\"default\",\"column_breakpoint\":\"m\",\"content\":\"\n\n<p>Diana Rieger, Christina Peter und Anna Sophie K\\u00fcmpel<br \\\/>Tagungsorganisation<\\\/p>\"}}]}]}]}],\"version\":\"2.2.2\"} --><\/p>\n","protected":false},"excerpt":{"rendered":"<p>Jahrestagung der Fachgruppe Rezeptions- und Wirkungsforschung Jahrestagung der Fachgruppe Rezeptions- und Wirkungsforschung 27.-29. Januar 2021, M\u00fcnchen (virtuell) Herzlich Willkommen! Die Jahrestagung der Fachgruppe Rezeptions- und Wirkungsforschung der DGPuK findet 2021 unter dem Motto #RezFoForFuture zum ersten Mal vollst\u00e4ndig virtuell statt. Die Jahrestagung steht unter dem Thema Nachhaltigkeit und soll zur Reflektion anregen, wie Rezeptions- und [&hellip;]<\/p>\n","protected":false},"author":173,"featured_media":0,"parent":0,"menu_order":0,"comment_status":"closed","ping_status":"closed","template":"","meta":{"ngg_post_thumbnail":0,"footnotes":""},"class_list":["post-14","page","type-page","status-publish","hentry"],"_links":{"self":[{"href":"https:\/\/sites.ifkw.lmu.de\/RezFo21\/wp-json\/wp\/v2\/pages\/14","targetHints":{"allow":["GET"]}}],"collection":[{"href":"https:\/\/sites.ifkw.lmu.de\/RezFo21\/wp-json\/wp\/v2\/pages"}],"about":[{"href":"https:\/\/sites.ifkw.lmu.de\/RezFo21\/wp-json\/wp\/v2\/types\/page"}],"author":[{"embeddable":true,"href":"https:\/\/sites.ifkw.lmu.de\/RezFo21\/wp-json\/wp\/v2\/users\/173"}],"replies":[{"embeddable":true,"href":"https:\/\/sites.ifkw.lmu.de\/RezFo21\/wp-json\/wp\/v2\/comments?post=14"}],"version-history":[{"count":65,"href":"https:\/\/sites.ifkw.lmu.de\/RezFo21\/wp-json\/wp\/v2\/pages\/14\/revisions"}],"predecessor-version":[{"id":343,"href":"https:\/\/sites.ifkw.lmu.de\/RezFo21\/wp-json\/wp\/v2\/pages\/14\/revisions\/343"}],"wp:attachment":[{"href":"https:\/\/sites.ifkw.lmu.de\/RezFo21\/wp-json\/wp\/v2\/media?parent=14"}],"curies":[{"name":"wp","href":"https:\/\/api.w.org\/{rel}","templated":true}]}}